{"id":23,"date":"2023-01-19T10:21:21","date_gmt":"2023-01-19T09:21:21","guid":{"rendered":"https:\/\/gites-doue-la-fontaine.fr\/?page_id=23"},"modified":"2025-12-03T07:06:33","modified_gmt":"2025-12-03T06:06:33","slug":"gite-le-lodge","status":"publish","type":"page","link":"https:\/\/gites-doue-la-fontaine.fr\/?page_id=23","title":{"rendered":"G\u00eete le Lodge"},"content":{"rendered":"\n<div class=\"wp-block-columns is-layout-flex wp-container-core-columns-is-layout-9d6595d7 wp-block-columns-is-layout-flex\">\n<div class=\"wp-block-column has-black-color has-text-color is-layout-flow wp-block-column-is-layout-flow\">\n<div class=\"wp-block-columns is-layout-flex wp-container-core-columns-is-layout-9d6595d7 wp-block-columns-is-layout-flex\">\n<div class=\"wp-block-column has-black-color has-text-color is-layout-flow wp-block-column-is-layout-flow\">\n<div class=\"wp-block-buttons is-content-justification-right is-layout-flex wp-container-core-buttons-is-layout-765c4724 wp-block-buttons-is-layout-flex\">\n<div class=\"wp-block-button\"><a class=\"wp-block-button__link has-background has-small-font-size has-custom-font-size wp-element-button\" href=\"#equipements\" style=\"border-radius:8px;background-color:#689d71\">Equipements<\/a><\/div>\n<\/div>\n<\/div>\n\n\n\n<div class=\"wp-block-column has-black-color has-text-color is-layout-flow wp-block-column-is-layout-flow\">\n<div class=\"wp-block-buttons has-custom-font-size has-small-font-size is-layout-flex wp-block-buttons-is-layout-flex\">\n<div class=\"wp-block-button\"><a class=\"wp-block-button__link has-background wp-element-button\" href=\"http:\/\/airbnb.fr\/h\/le-lodge\" style=\"border-radius:8px;background-color:#689d71\">R\u00e9servation<\/a><\/div>\n<\/div>\n<\/div>\n<\/div>\n<\/div>\n<\/div>\n\n\n\n<div class=\"wp-block-columns is-layout-flex wp-container-core-columns-is-layout-9d6595d7 wp-block-columns-is-layout-flex\">\n<div class=\"wp-block-column is-layout-flow wp-block-column-is-layout-flow\">\n<p class=\"has-text-color\" style=\"color:#689d71\"><strong>Maison de ville pour 4 personnes<\/strong><\/p>\n\n\n\n<p class=\"has-text-align-left\">Enti\u00e8rement r\u00e9nov\u00e9e en 2022, vous entrerez par la cour o\u00f9 vous pourrez passer de bons moments sur la terrasse. Le patio accueille un salon de jardin.<\/p>\n\n\n\n<p>Au rez de chauss\u00e9e vous trouverez la cuisine \u00e9quip\u00e9e avec coin repas et le salon avec TV et Wifi.<\/p>\n\n\n\n<p>A l&rsquo;\u00e9tage, 1 chambre spacieuse avec sa salle de douche et wc attenants.<\/p>\n<\/div>\n<\/div>\n\n\n\n<figure class=\"wp-block-gallery has-nested-images columns-default is-cropped wp-block-gallery-1 is-layout-flex wp-block-gallery-is-layout-flex\">\n<figure class=\"wp-block-image size-large\"><a href=\"https:\/\/gites-doue-la-fontaine.fr\/wp-content\/uploads\/2023\/01\/airbnb-doue-la-fontaine.jpg\"><img loading=\"lazy\" decoding=\"async\" width=\"900\" height=\"473\" data-id=\"149\" src=\"https:\/\/gites-doue-la-fontaine.fr\/wp-content\/uploads\/2023\/01\/airbnb-doue-la-fontaine.jpg\" alt=\"\" class=\"wp-image-149\" srcset=\"https:\/\/gites-doue-la-fontaine.fr\/wp-content\/uploads\/2023\/01\/airbnb-doue-la-fontaine.jpg 900w, https:\/\/gites-doue-la-fontaine.fr\/wp-content\/uploads\/2023\/01\/airbnb-doue-la-fontaine-300x158.jpg 300w, https:\/\/gites-doue-la-fontaine.fr\/wp-content\/uploads\/2023\/01\/airbnb-doue-la-fontaine-768x404.jpg 768w\" sizes=\"auto, (max-width: 900px) 100vw, 900px\" \/><\/a><\/figure>\n\n\n\n<figure class=\"wp-block-image size-large\"><a href=\"https:\/\/gites-doue-la-fontaine.fr\/wp-content\/uploads\/2023\/01\/location-maison-airbnb-doue-la-fontaine-1.jpg\"><img loading=\"lazy\" decoding=\"async\" width=\"900\" height=\"600\" data-id=\"158\" src=\"https:\/\/gites-doue-la-fontaine.fr\/wp-content\/uploads\/2023\/01\/location-maison-airbnb-doue-la-fontaine-1.jpg\" alt=\"\" class=\"wp-image-158\" srcset=\"https:\/\/gites-doue-la-fontaine.fr\/wp-content\/uploads\/2023\/01\/location-maison-airbnb-doue-la-fontaine-1.jpg 900w, https:\/\/gites-doue-la-fontaine.fr\/wp-content\/uploads\/2023\/01\/location-maison-airbnb-doue-la-fontaine-1-300x200.jpg 300w, https:\/\/gites-doue-la-fontaine.fr\/wp-content\/uploads\/2023\/01\/location-maison-airbnb-doue-la-fontaine-1-768x512.jpg 768w\" sizes=\"auto, (max-width: 900px) 100vw, 900px\" \/><\/a><\/figure>\n\n\n\n<figure class=\"wp-block-image size-large\"><a href=\"https:\/\/gites-doue-la-fontaine.fr\/wp-content\/uploads\/2023\/01\/location-pres-de-centerparc.jpg\"><img loading=\"lazy\" decoding=\"async\" width=\"900\" height=\"600\" data-id=\"159\" src=\"https:\/\/gites-doue-la-fontaine.fr\/wp-content\/uploads\/2023\/01\/location-pres-de-centerparc.jpg\" alt=\"\" class=\"wp-image-159\" srcset=\"https:\/\/gites-doue-la-fontaine.fr\/wp-content\/uploads\/2023\/01\/location-pres-de-centerparc.jpg 900w, https:\/\/gites-doue-la-fontaine.fr\/wp-content\/uploads\/2023\/01\/location-pres-de-centerparc-300x200.jpg 300w, https:\/\/gites-doue-la-fontaine.fr\/wp-content\/uploads\/2023\/01\/location-pres-de-centerparc-768x512.jpg 768w\" sizes=\"auto, (max-width: 900px) 100vw, 900px\" \/><\/a><\/figure>\n\n\n\n<figure class=\"wp-block-image size-large\"><a href=\"https:\/\/gites-doue-la-fontaine.fr\/wp-content\/uploads\/2023\/01\/airbnb-doue-en-anjou.jpg\"><img loading=\"lazy\" decoding=\"async\" width=\"600\" height=\"900\" data-id=\"148\" src=\"https:\/\/gites-doue-la-fontaine.fr\/wp-content\/uploads\/2023\/01\/airbnb-doue-en-anjou.jpg\" alt=\"\" class=\"wp-image-148\" srcset=\"https:\/\/gites-doue-la-fontaine.fr\/wp-content\/uploads\/2023\/01\/airbnb-doue-en-anjou.jpg 600w, https:\/\/gites-doue-la-fontaine.fr\/wp-content\/uploads\/2023\/01\/airbnb-doue-en-anjou-200x300.jpg 200w\" sizes=\"auto, (max-width: 600px) 100vw, 600px\" \/><\/a><\/figure>\n\n\n\n<figure class=\"wp-block-image size-large\"><a href=\"https:\/\/gites-doue-la-fontaine.fr\/wp-content\/uploads\/2023\/01\/location-airbnb-doue-la-fontaine.jpg\"><img loading=\"lazy\" decoding=\"async\" width=\"900\" height=\"600\" data-id=\"154\" src=\"https:\/\/gites-doue-la-fontaine.fr\/wp-content\/uploads\/2023\/01\/location-airbnb-doue-la-fontaine.jpg\" alt=\"\" class=\"wp-image-154\" srcset=\"https:\/\/gites-doue-la-fontaine.fr\/wp-content\/uploads\/2023\/01\/location-airbnb-doue-la-fontaine.jpg 900w, https:\/\/gites-doue-la-fontaine.fr\/wp-content\/uploads\/2023\/01\/location-airbnb-doue-la-fontaine-300x200.jpg 300w, https:\/\/gites-doue-la-fontaine.fr\/wp-content\/uploads\/2023\/01\/location-airbnb-doue-la-fontaine-768x512.jpg 768w\" sizes=\"auto, (max-width: 900px) 100vw, 900px\" \/><\/a><\/figure>\n\n\n\n<figure class=\"wp-block-image size-large\"><a href=\"https:\/\/gites-doue-la-fontaine.fr\/wp-content\/uploads\/2023\/01\/location-gite-doue-la-fontaine.jpg\"><img loading=\"lazy\" decoding=\"async\" width=\"900\" height=\"642\" data-id=\"157\" src=\"https:\/\/gites-doue-la-fontaine.fr\/wp-content\/uploads\/2023\/01\/location-gite-doue-la-fontaine.jpg\" alt=\"\" class=\"wp-image-157\" srcset=\"https:\/\/gites-doue-la-fontaine.fr\/wp-content\/uploads\/2023\/01\/location-gite-doue-la-fontaine.jpg 900w, https:\/\/gites-doue-la-fontaine.fr\/wp-content\/uploads\/2023\/01\/location-gite-doue-la-fontaine-300x214.jpg 300w, https:\/\/gites-doue-la-fontaine.fr\/wp-content\/uploads\/2023\/01\/location-gite-doue-la-fontaine-768x548.jpg 768w\" sizes=\"auto, (max-width: 900px) 100vw, 900px\" \/><\/a><\/figure>\n\n\n\n<figure class=\"wp-block-image size-large\"><a href=\"https:\/\/gites-doue-la-fontaine.fr\/wp-content\/uploads\/2023\/01\/location-airbnb-doue-en-anjou.jpg\"><img loading=\"lazy\" decoding=\"async\" width=\"635\" height=\"900\" data-id=\"153\" src=\"https:\/\/gites-doue-la-fontaine.fr\/wp-content\/uploads\/2023\/01\/location-airbnb-doue-en-anjou.jpg\" alt=\"\" class=\"wp-image-153\" srcset=\"https:\/\/gites-doue-la-fontaine.fr\/wp-content\/uploads\/2023\/01\/location-airbnb-doue-en-anjou.jpg 635w, https:\/\/gites-doue-la-fontaine.fr\/wp-content\/uploads\/2023\/01\/location-airbnb-doue-en-anjou-212x300.jpg 212w\" sizes=\"auto, (max-width: 635px) 100vw, 635px\" \/><\/a><\/figure>\n\n\n\n<figure class=\"wp-block-image size-large\"><a href=\"https:\/\/gites-doue-la-fontaine.fr\/wp-content\/uploads\/2023\/01\/gite-doue-en-anjou.jpg\"><img loading=\"lazy\" decoding=\"async\" width=\"900\" height=\"644\" data-id=\"150\" src=\"https:\/\/gites-doue-la-fontaine.fr\/wp-content\/uploads\/2023\/01\/gite-doue-en-anjou.jpg\" alt=\"\" class=\"wp-image-150\" srcset=\"https:\/\/gites-doue-la-fontaine.fr\/wp-content\/uploads\/2023\/01\/gite-doue-en-anjou.jpg 900w, https:\/\/gites-doue-la-fontaine.fr\/wp-content\/uploads\/2023\/01\/gite-doue-en-anjou-300x215.jpg 300w, https:\/\/gites-doue-la-fontaine.fr\/wp-content\/uploads\/2023\/01\/gite-doue-en-anjou-768x550.jpg 768w\" sizes=\"auto, (max-width: 900px) 100vw, 900px\" \/><\/a><\/figure>\n\n\n\n<figure class=\"wp-block-image size-large\"><a href=\"https:\/\/gites-doue-la-fontaine.fr\/wp-content\/uploads\/2023\/01\/gite-le-lodge-doue-la-fontaine.jpg\"><img loading=\"lazy\" decoding=\"async\" width=\"748\" height=\"900\" data-id=\"152\" src=\"https:\/\/gites-doue-la-fontaine.fr\/wp-content\/uploads\/2023\/01\/gite-le-lodge-doue-la-fontaine.jpg\" alt=\"\" class=\"wp-image-152\" srcset=\"https:\/\/gites-doue-la-fontaine.fr\/wp-content\/uploads\/2023\/01\/gite-le-lodge-doue-la-fontaine.jpg 748w, https:\/\/gites-doue-la-fontaine.fr\/wp-content\/uploads\/2023\/01\/gite-le-lodge-doue-la-fontaine-249x300.jpg 249w\" sizes=\"auto, (max-width: 748px) 100vw, 748px\" \/><\/a><\/figure>\n\n\n\n<figure class=\"wp-block-image size-large\"><a href=\"https:\/\/gites-doue-la-fontaine.fr\/wp-content\/uploads\/2023\/01\/Location-gite-doue-en-anjou.jpg\"><img loading=\"lazy\" decoding=\"async\" width=\"900\" height=\"600\" data-id=\"156\" src=\"https:\/\/gites-doue-la-fontaine.fr\/wp-content\/uploads\/2023\/01\/Location-gite-doue-en-anjou.jpg\" alt=\"\" class=\"wp-image-156\" srcset=\"https:\/\/gites-doue-la-fontaine.fr\/wp-content\/uploads\/2023\/01\/Location-gite-doue-en-anjou.jpg 900w, https:\/\/gites-doue-la-fontaine.fr\/wp-content\/uploads\/2023\/01\/Location-gite-doue-en-anjou-300x200.jpg 300w, https:\/\/gites-doue-la-fontaine.fr\/wp-content\/uploads\/2023\/01\/Location-gite-doue-en-anjou-768x512.jpg 768w\" sizes=\"auto, (max-width: 900px) 100vw, 900px\" \/><\/a><\/figure>\n\n\n\n<figure class=\"wp-block-image size-large\"><a href=\"https:\/\/gites-doue-la-fontaine.fr\/wp-content\/uploads\/2023\/01\/location-saisonniere-doue-en-anjou.jpg\"><img loading=\"lazy\" decoding=\"async\" width=\"900\" height=\"600\" data-id=\"160\" src=\"https:\/\/gites-doue-la-fontaine.fr\/wp-content\/uploads\/2023\/01\/location-saisonniere-doue-en-anjou.jpg\" alt=\"\" class=\"wp-image-160\" srcset=\"https:\/\/gites-doue-la-fontaine.fr\/wp-content\/uploads\/2023\/01\/location-saisonniere-doue-en-anjou.jpg 900w, https:\/\/gites-doue-la-fontaine.fr\/wp-content\/uploads\/2023\/01\/location-saisonniere-doue-en-anjou-300x200.jpg 300w, https:\/\/gites-doue-la-fontaine.fr\/wp-content\/uploads\/2023\/01\/location-saisonniere-doue-en-anjou-768x512.jpg 768w\" sizes=\"auto, (max-width: 900px) 100vw, 900px\" \/><\/a><\/figure>\n\n\n\n<figure class=\"wp-block-image size-large\"><a href=\"https:\/\/gites-doue-la-fontaine.fr\/wp-content\/uploads\/2023\/01\/gite-doue-la-fontaine.jpg\"><img loading=\"lazy\" decoding=\"async\" width=\"900\" height=\"600\" data-id=\"151\" src=\"https:\/\/gites-doue-la-fontaine.fr\/wp-content\/uploads\/2023\/01\/gite-doue-la-fontaine.jpg\" alt=\"\" class=\"wp-image-151\" srcset=\"https:\/\/gites-doue-la-fontaine.fr\/wp-content\/uploads\/2023\/01\/gite-doue-la-fontaine.jpg 900w, https:\/\/gites-doue-la-fontaine.fr\/wp-content\/uploads\/2023\/01\/gite-doue-la-fontaine-300x200.jpg 300w, https:\/\/gites-doue-la-fontaine.fr\/wp-content\/uploads\/2023\/01\/gite-doue-la-fontaine-768x512.jpg 768w\" sizes=\"auto, (max-width: 900px) 100vw, 900px\" \/><\/a><\/figure>\n<\/figure>\n\n\n\n<hr class=\"wp-block-separator has-alpha-channel-opacity is-style-default\"\/>\n\n\n\n<div class=\"wp-block-columns is-layout-flex wp-container-core-columns-is-layout-9d6595d7 wp-block-columns-is-layout-flex\" id=\"equipements\">\n<div class=\"wp-block-column is-layout-flow wp-block-column-is-layout-flow\">\n<p class=\"has-text-color\" style=\"color:#689d71\"><strong>\u00c9quipements <\/strong><\/p>\n\n\n\n<ul class=\"wp-block-list\">\n<li>Cuisine \u00e9quip\u00e9e<\/li>\n\n\n\n<li>Cafeti\u00e8re filtre et dosettes <\/li>\n\n\n\n<li>Bouilloire<\/li>\n\n\n\n<li>Grille pain<\/li>\n\n\n\n<li>Micro-onde<\/li>\n\n\n\n<li>Four <\/li>\n\n\n\n<li>R\u00e9frig\u00e9rateur \/ Cong\u00e9lateur <\/li>\n\n\n\n<li>Lave-linge \/ Fer \/ Table \u00e0 repasser<\/li>\n\n\n\n<li>Wifi + TV connect\u00e9e<\/li>\n\n\n\n<li>Salle de douche \/ WC<\/li>\n\n\n\n<li>Lit double \/ canap\u00e9 lit \/ lit parapluie<\/li>\n<\/ul>\n<\/div>\n\n\n\n<div class=\"wp-block-column is-layout-flow wp-block-column-is-layout-flow\">\n<p class=\"has-text-color\" style=\"color:#689d71\"><strong>Ext\u00e9rieur privatif<\/strong><\/p>\n\n\n\n<ul class=\"wp-block-list\">\n<li>Cour ferm\u00e9e<\/li>\n\n\n\n<li>Patio <\/li>\n\n\n\n<li>Terrasse<\/li>\n<\/ul>\n\n\n\n<p><\/p>\n\n\n\n<p><\/p>\n<\/div>\n\n\n\n<div class=\"wp-block-column is-layout-flow wp-block-column-is-layout-flow\">\n<p class=\"has-text-color\" style=\"color:#689d71\"><strong>G\u00e9n\u00e9ral<\/strong><\/p>\n\n\n\n<ul class=\"wp-block-list\">\n<li>Non fumeur<\/li>\n<\/ul>\n\n\n\n<p><\/p>\n<\/div>\n<\/div>\n\n\n\n<p><\/p>\n","protected":false},"excerpt":{"rendered":"<p>Maison de ville pour 4 personnes Enti\u00e8rement r\u00e9nov\u00e9e en 2022, vous entrerez par la cour o\u00f9 vous pourrez passer de bons moments sur la terrasse. Le patio accueille un salon de jardin. Au rez de chauss\u00e9e vous trouverez la cuisine \u00e9quip\u00e9e avec coin repas et le salon avec TV et Wifi. A l&rsquo;\u00e9tage, 1 chambre [&hellip;]<\/p>\n","protected":false},"author":1,"featured_media":0,"parent":0,"menu_order":0,"comment_status":"closed","ping_status":"closed","template":"","meta":{"ngg_post_thumbnail":0,"footnotes":""},"class_list":["post-23","page","type-page","status-publish","hentry"],"yoast_head":"<!-- This site is optimized with the Yoast SEO plugin v26.5 - https:\/\/yoast.com\/wordpress\/plugins\/seo\/ -->\n<title>G\u00eete le Lodge -<\/title>\n<meta name=\"robots\" content=\"index, follow, max-snippet:-1, max-image-preview:large, max-video-preview:-1\" \/>\n<link rel=\"canonical\" href=\"https:\/\/gites-doue-la-fontaine.fr\/?page_id=23\" \/>\n<meta property=\"og:locale\" content=\"fr_FR\" \/>\n<meta property=\"og:type\" content=\"article\" \/>\n<meta property=\"og:title\" content=\"G\u00eete le Lodge -\" \/>\n<meta property=\"og:description\" content=\"Maison de ville pour 4 personnes Enti\u00e8rement r\u00e9nov\u00e9e en 2022, vous entrerez par la cour o\u00f9 vous pourrez passer de bons moments sur la terrasse. Le patio accueille un salon de jardin. Au rez de chauss\u00e9e vous trouverez la cuisine \u00e9quip\u00e9e avec coin repas et le salon avec TV et Wifi. A l&rsquo;\u00e9tage, 1 chambre [&hellip;]\" \/>\n<meta property=\"og:url\" content=\"https:\/\/gites-doue-la-fontaine.fr\/?page_id=23\" \/>\n<meta property=\"article:modified_time\" content=\"2025-12-03T06:06:33+00:00\" \/>\n<meta property=\"og:image\" content=\"https:\/\/gites-doue-la-fontaine.fr\/wp-content\/uploads\/2023\/01\/airbnb-doue-la-fontaine.jpg\" \/>\n\t<meta property=\"og:image:width\" content=\"900\" \/>\n\t<meta property=\"og:image:height\" content=\"473\" \/>\n\t<meta property=\"og:image:type\" content=\"image\/jpeg\" \/>\n<meta name=\"twitter:card\" content=\"summary_large_image\" \/>\n<meta name=\"twitter:label1\" content=\"Dur\u00e9e de lecture estim\u00e9e\" \/>\n\t<meta name=\"twitter:data1\" content=\"3 minutes\" \/>\n<script type=\"application\/ld+json\" class=\"yoast-schema-graph\">{\"@context\":\"https:\/\/schema.org\",\"@graph\":[{\"@type\":\"WebPage\",\"@id\":\"https:\/\/gites-doue-la-fontaine.fr\/?page_id=23\",\"url\":\"https:\/\/gites-doue-la-fontaine.fr\/?page_id=23\",\"name\":\"G\u00eete le Lodge -\",\"isPartOf\":{\"@id\":\"https:\/\/gites-doue-la-fontaine.fr\/#website\"},\"primaryImageOfPage\":{\"@id\":\"https:\/\/gites-doue-la-fontaine.fr\/?page_id=23#primaryimage\"},\"image\":{\"@id\":\"https:\/\/gites-doue-la-fontaine.fr\/?page_id=23#primaryimage\"},\"thumbnailUrl\":\"https:\/\/gites-doue-la-fontaine.fr\/wp-content\/uploads\/2023\/01\/airbnb-doue-la-fontaine.jpg\",\"datePublished\":\"2023-01-19T09:21:21+00:00\",\"dateModified\":\"2025-12-03T06:06:33+00:00\",\"breadcrumb\":{\"@id\":\"https:\/\/gites-doue-la-fontaine.fr\/?page_id=23#breadcrumb\"},\"inLanguage\":\"fr-FR\",\"potentialAction\":[{\"@type\":\"ReadAction\",\"target\":[\"https:\/\/gites-doue-la-fontaine.fr\/?page_id=23\"]}]},{\"@type\":\"ImageObject\",\"inLanguage\":\"fr-FR\",\"@id\":\"https:\/\/gites-doue-la-fontaine.fr\/?page_id=23#primaryimage\",\"url\":\"https:\/\/gites-doue-la-fontaine.fr\/wp-content\/uploads\/2023\/01\/airbnb-doue-la-fontaine.jpg\",\"contentUrl\":\"https:\/\/gites-doue-la-fontaine.fr\/wp-content\/uploads\/2023\/01\/airbnb-doue-la-fontaine.jpg\"},{\"@type\":\"BreadcrumbList\",\"@id\":\"https:\/\/gites-doue-la-fontaine.fr\/?page_id=23#breadcrumb\",\"itemListElement\":[{\"@type\":\"ListItem\",\"position\":1,\"name\":\"Accueil\",\"item\":\"https:\/\/gites-doue-la-fontaine.fr\/\"},{\"@type\":\"ListItem\",\"position\":2,\"name\":\"G\u00eete le Lodge\"}]},{\"@type\":\"WebSite\",\"@id\":\"https:\/\/gites-doue-la-fontaine.fr\/#website\",\"url\":\"https:\/\/gites-doue-la-fontaine.fr\/\",\"name\":\"\",\"description\":\"Location de g\u00eetes \u00e0 Dou\u00e9 la Fontaine\",\"potentialAction\":[{\"@type\":\"SearchAction\",\"target\":{\"@type\":\"EntryPoint\",\"urlTemplate\":\"https:\/\/gites-doue-la-fontaine.fr\/?s={search_term_string}\"},\"query-input\":{\"@type\":\"PropertyValueSpecification\",\"valueRequired\":true,\"valueName\":\"search_term_string\"}}],\"inLanguage\":\"fr-FR\"}]}<\/script>\n<!-- \/ Yoast SEO plugin. -->","yoast_head_json":{"title":"G\u00eete le Lodge -","robots":{"index":"index","follow":"follow","max-snippet":"max-snippet:-1","max-image-preview":"max-image-preview:large","max-video-preview":"max-video-preview:-1"},"canonical":"https:\/\/gites-doue-la-fontaine.fr\/?page_id=23","og_locale":"fr_FR","og_type":"article","og_title":"G\u00eete le Lodge -","og_description":"Maison de ville pour 4 personnes Enti\u00e8rement r\u00e9nov\u00e9e en 2022, vous entrerez par la cour o\u00f9 vous pourrez passer de bons moments sur la terrasse. Le patio accueille un salon de jardin. Au rez de chauss\u00e9e vous trouverez la cuisine \u00e9quip\u00e9e avec coin repas et le salon avec TV et Wifi. A l&rsquo;\u00e9tage, 1 chambre [&hellip;]","og_url":"https:\/\/gites-doue-la-fontaine.fr\/?page_id=23","article_modified_time":"2025-12-03T06:06:33+00:00","og_image":[{"width":900,"height":473,"url":"https:\/\/gites-doue-la-fontaine.fr\/wp-content\/uploads\/2023\/01\/airbnb-doue-la-fontaine.jpg","type":"image\/jpeg"}],"twitter_card":"summary_large_image","twitter_misc":{"Dur\u00e9e de lecture estim\u00e9e":"3 minutes"},"schema":{"@context":"https:\/\/schema.org","@graph":[{"@type":"WebPage","@id":"https:\/\/gites-doue-la-fontaine.fr\/?page_id=23","url":"https:\/\/gites-doue-la-fontaine.fr\/?page_id=23","name":"G\u00eete le Lodge -","isPartOf":{"@id":"https:\/\/gites-doue-la-fontaine.fr\/#website"},"primaryImageOfPage":{"@id":"https:\/\/gites-doue-la-fontaine.fr\/?page_id=23#primaryimage"},"image":{"@id":"https:\/\/gites-doue-la-fontaine.fr\/?page_id=23#primaryimage"},"thumbnailUrl":"https:\/\/gites-doue-la-fontaine.fr\/wp-content\/uploads\/2023\/01\/airbnb-doue-la-fontaine.jpg","datePublished":"2023-01-19T09:21:21+00:00","dateModified":"2025-12-03T06:06:33+00:00","breadcrumb":{"@id":"https:\/\/gites-doue-la-fontaine.fr\/?page_id=23#breadcrumb"},"inLanguage":"fr-FR","potentialAction":[{"@type":"ReadAction","target":["https:\/\/gites-doue-la-fontaine.fr\/?page_id=23"]}]},{"@type":"ImageObject","inLanguage":"fr-FR","@id":"https:\/\/gites-doue-la-fontaine.fr\/?page_id=23#primaryimage","url":"https:\/\/gites-doue-la-fontaine.fr\/wp-content\/uploads\/2023\/01\/airbnb-doue-la-fontaine.jpg","contentUrl":"https:\/\/gites-doue-la-fontaine.fr\/wp-content\/uploads\/2023\/01\/airbnb-doue-la-fontaine.jpg"},{"@type":"BreadcrumbList","@id":"https:\/\/gites-doue-la-fontaine.fr\/?page_id=23#breadcrumb","itemListElement":[{"@type":"ListItem","position":1,"name":"Accueil","item":"https:\/\/gites-doue-la-fontaine.fr\/"},{"@type":"ListItem","position":2,"name":"G\u00eete le Lodge"}]},{"@type":"WebSite","@id":"https:\/\/gites-doue-la-fontaine.fr\/#website","url":"https:\/\/gites-doue-la-fontaine.fr\/","name":"","description":"Location de g\u00eetes \u00e0 Dou\u00e9 la Fontaine","potentialAction":[{"@type":"SearchAction","target":{"@type":"EntryPoint","urlTemplate":"https:\/\/gites-doue-la-fontaine.fr\/?s={search_term_string}"},"query-input":{"@type":"PropertyValueSpecification","valueRequired":true,"valueName":"search_term_string"}}],"inLanguage":"fr-FR"}]}},"_links":{"self":[{"href":"https:\/\/gites-doue-la-fontaine.fr\/index.php?rest_route=\/wp\/v2\/pages\/23","targetHints":{"allow":["GET"]}}],"collection":[{"href":"https:\/\/gites-doue-la-fontaine.fr\/index.php?rest_route=\/wp\/v2\/pages"}],"about":[{"href":"https:\/\/gites-doue-la-fontaine.fr\/index.php?rest_route=\/wp\/v2\/types\/page"}],"author":[{"embeddable":true,"href":"https:\/\/gites-doue-la-fontaine.fr\/index.php?rest_route=\/wp\/v2\/users\/1"}],"replies":[{"embeddable":true,"href":"https:\/\/gites-doue-la-fontaine.fr\/index.php?rest_route=%2Fwp%2Fv2%2Fcomments&post=23"}],"version-history":[{"count":26,"href":"https:\/\/gites-doue-la-fontaine.fr\/index.php?rest_route=\/wp\/v2\/pages\/23\/revisions"}],"predecessor-version":[{"id":479,"href":"https:\/\/gites-doue-la-fontaine.fr\/index.php?rest_route=\/wp\/v2\/pages\/23\/revisions\/479"}],"wp:attachment":[{"href":"https:\/\/gites-doue-la-fontaine.fr\/index.php?rest_route=%2Fwp%2Fv2%2Fmedia&parent=23"}],"curies":[{"name":"wp","href":"https:\/\/api.w.org\/{rel}","templated":true}]}}